{"id":20,"date":"2014-09-07T19:27:49","date_gmt":"2014-09-07T17:27:49","guid":{"rendered":"https:\/\/www.sp-piotrkowice.pl\/?page_id=20"},"modified":"2025-10-05T16:00:03","modified_gmt":"2025-10-05T14:00:03","slug":"pracownicy","status":"publish","type":"page","link":"https:\/\/www.sp-piotrkowice.pl\/?page_id=20","title":{"rendered":"Pracownicy"},"content":{"rendered":"\n<p><mark style=\"background-color:rgba(0, 0, 0, 0)\" class=\"has-inline-color has-black-color\">mgr Barbara Polek &#8211; zarz\u0105dzanie o\u015bwiat\u0105, historia, bibliotekoznawstwo, oligofrenopedagogika, wiedza o spo\u0142ecze\u0144stwie (dyrektor szko\u0142y)<\/mark><\/p>\n\n\n\n<figure class=\"wp-block-image size-large is-resized\"><img loading=\"lazy\" decoding=\"async\" width=\"683\" height=\"1024\" src=\"https:\/\/www.sp-piotrkowice.pl\/wp-content\/uploads\/2020\/10\/IMG_7254-683x1024.jpg\" alt=\"\" class=\"wp-image-14520\" style=\"width:389px;height:581px\" srcset=\"https:\/\/www.sp-piotrkowice.pl\/wp-content\/uploads\/2020\/10\/IMG_7254-683x1024.jpg 683w, https:\/\/www.sp-piotrkowice.pl\/wp-content\/uploads\/2020\/10\/IMG_7254-200x300.jpg 200w, https:\/\/www.sp-piotrkowice.pl\/wp-content\/uploads\/2020\/10\/IMG_7254-768x1152.jpg 768w, https:\/\/www.sp-piotrkowice.pl\/wp-content\/uploads\/2020\/10\/IMG_7254-1024x1536.jpg 1024w, https:\/\/www.sp-piotrkowice.pl\/wp-content\/uploads\/2020\/10\/IMG_7254.jpg 1365w\" sizes=\"auto, (max-width: 683px) 100vw, 683px\" \/><\/figure>\n\n\n<p style=\"text-align: left;\">&nbsp;<\/p>\n<p style=\"text-align: left;\"><span style=\"color: #000000;\">mgr Dorota Sta\u0144czyk &#8211; wychowanie przedszkolne, edukacja wczesnoszkolna z elementami logopedii <\/span><\/p>\n<p style=\"text-align: left;\"><span style=\"color: #000000;\">mgr Patrycja Wierzbicka &#8211; wychowanie przedszkolne<\/span><\/p>\n<p style=\"text-align: left;\"><span style=\"color: #000000;\">mgr Renata M\u0105czko &#8211; nauczanie zintegrowane i wychowanie przedszkolne, informatyka, bibliotekoznawstwo<\/span><\/p>\n<p style=\"text-align: left;\"><span style=\"color: #000000;\">mgr Kamilla Molczyk &#8211; nauczanie zintegrowane, edukacja dla bezpiecze\u0144stwa, wychowanie do \u017cycia w rodzinie<\/span><\/p>\n<p style=\"text-align: left;\"><span style=\"color: #000000;\">mgr \u0141ukasz Bartkowski- wychowanie fizyczne, gimnastyka korekcyjna, trener pi\u0142ki no\u017cnej<\/span><\/p>\n<p style=\"text-align: left;\"><span style=\"color: #000000;\">mgr Beata Czuba &#8211; j\u0119zyk polski, informatyka, plastyka, muzyka<\/span><\/p>\n<p style=\"text-align: left;\"><span style=\"color: #000000;\">mgr Ma\u0142gorzata Lech &#8211; j\u0119zyk angielski, oligofrenopedagogika, technika<\/span><\/p>\n<p style=\"text-align: left;\"><span style=\"color: #000000;\">mgr Anna Warcho\u0142 &#8211; j\u0119zyk polski, biologia, geografia<\/span><\/p>\n<p style=\"text-align: left;\"><span style=\"color: #000000;\">mgr Magdalena Hajduk &#8211; matematyka<\/span><\/p>\n<p style=\"text-align: left;\"><span style=\"color: #000000;\">mgr Wojciech Niemiec &#8211; fizyka<\/span><\/p>\n<p style=\"text-align: left;\"><span style=\"color: #000000;\">mgr Ma\u0142gorzata Solarz &#8211; chemia, przyroda<\/span><\/p>\n<p><span style=\"color: #000000;\">mgr Przemys\u0142aw Tajchner &#8211; j\u0119zyk niemiecki, ko\u0142o turystyczne <\/span><\/p>\n<p><span style=\"color: #000000;\">mgr Pawe\u0142 Mierzwa &#8211; historia<\/span><\/p>\n<p><span style=\"color: #000000;\">ks. mgr Marcin \u0141azarz &#8211; religia<\/span><\/p>\n<p><span style=\"color: #000000;\">Agnieszka Bandyk &#8211; pomoc administracyjna<\/span><\/p>\n<p><span style=\"color: #000000;\">Jolanta Pyzdek &#8211; wo\u017ana<\/span><\/p>\n<p><span style=\"color: #000000;\">Teresa Stefa\u0144ska &#8211; wo\u017ana<\/span><\/p>","protected":false},"excerpt":{"rendered":"<p>mgr Barbara Polek &#8211; zarz\u0105dzanie o\u015bwiat\u0105, historia, bibliotekoznawstwo, oligofrenopedagogika, wiedza o spo\u0142ecze\u0144stwie (dyrektor szko\u0142y) &nbsp; mgr Dorota Sta\u0144czyk &#8211; wychowanie przedszkolne, edukacja wczesnoszkolna z elementami [&hellip;]<\/p>\n","protected":false},"author":1,"featured_media":0,"parent":0,"menu_order":11,"comment_status":"open","ping_status":"closed","template":"","meta":{"ngg_post_thumbnail":0,"footnotes":""},"class_list":["post-20","page","type-page","status-publish","hentry"],"_links":{"self":[{"href":"https:\/\/www.sp-piotrkowice.pl\/index.php?rest_route=\/wp\/v2\/pages\/20","targetHints":{"allow":["GET"]}}],"collection":[{"href":"https:\/\/www.sp-piotrkowice.pl\/index.php?rest_route=\/wp\/v2\/pages"}],"about":[{"href":"https:\/\/www.sp-piotrkowice.pl\/index.php?rest_route=\/wp\/v2\/types\/page"}],"author":[{"embeddable":true,"href":"https:\/\/www.sp-piotrkowice.pl\/index.php?rest_route=\/wp\/v2\/users\/1"}],"replies":[{"embeddable":true,"href":"https:\/\/www.sp-piotrkowice.pl\/index.php?rest_route=%2Fwp%2Fv2%2Fcomments&post=20"}],"version-history":[{"count":19,"href":"https:\/\/www.sp-piotrkowice.pl\/index.php?rest_route=\/wp\/v2\/pages\/20\/revisions"}],"predecessor-version":[{"id":28288,"href":"https:\/\/www.sp-piotrkowice.pl\/index.php?rest_route=\/wp\/v2\/pages\/20\/revisions\/28288"}],"wp:attachment":[{"href":"https:\/\/www.sp-piotrkowice.pl\/index.php?rest_route=%2Fwp%2Fv2%2Fmedia&parent=20"}],"curies":[{"name":"wp","href":"https:\/\/api.w.org\/{rel}","templated":true}]}}